{"id":33,"date":"2022-03-31T09:51:53","date_gmt":"2022-03-31T09:51:53","guid":{"rendered":"https:\/\/hajek.ofm.cz\/?page_id=33"},"modified":"2022-03-31T09:51:53","modified_gmt":"2022-03-31T09:51:53","slug":"slovo-na-cestu-hajeckym-poutnikum","status":"publish","type":"page","link":"https:\/\/hajek.ofm.cz\/?page_id=33","title":{"rendered":"Slovo na cestu h\u00e1jeck\u00fdm poutn\u00edk\u016fm"},"content":{"rendered":"<p><a href=\"https:\/\/hajek.ofm.cz\/wp-content\/uploads\/2022\/03\/ofm_vianney.jpg\"><img decoding=\"async\" loading=\"lazy\" class=\"alignleft wp-image-35 size-thumbnail\" src=\"https:\/\/hajek.ofm.cz\/wp-content\/uploads\/2022\/03\/ofm_vianney-150x150.jpg\" alt=\"\" width=\"150\" height=\"150\" \/><\/a>Nev\u00edm jestli ka\u017ed\u00fd, ale jist\u011b mnoz\u00ed z\u00a0n\u00e1s maj\u00ed sv\u00e9 obl\u00edben\u00e9 poutn\u00ed m\u00edsto. Velmi \u010dasto t\u00edmto m\u00edstem je to, kam n\u00e1s vodili rodi\u010de, kdy\u017e jsme byli je\u0161t\u011b mal\u00ed. Tehdy se n\u00e1m vryly do pam\u011bti v\u0161echny ty posv\u00e1tn\u00e9 prostory, sochy i obrazy, kter\u00fdmi poutn\u00ed m\u00edsto na\u0161ich rodi\u010d\u016f bylo vyzdobeno. Ale hlavn\u011b jsme na tomto m\u00edst\u011b vn\u00edmali v\u00edru sv\u00fdch rodi\u010d\u016f a v\u0161ech na\u0161ich p\u0159edk\u016f. Jako d\u011bti jsme pot\u0159ebovali takov\u00e9 sv\u011bdectv\u00ed. P\u0159esto\u017ee dnes ji\u017e nejsme d\u011btmi, p\u0159ich\u00e1z\u00edme na ta na\u0161e poutn\u00ed m\u00edsta nejen proto, abychom zavzpom\u00ednali, ale hlavn\u011b, abychom znovu pos\u00edlili svou v\u00edru. A taky, pokud m\u00e1me d\u011bti, je dobr\u00e9, abychom je brali s\u00a0sebou, abychom spolu s\u00a0nimi pro\u017eili kr\u00e1sn\u00fd den, aby zase ony vid\u011bly tu na\u0161i v\u00edru. Nev\u00edm, nakolik je rozhoduj\u00edc\u00ed, aby poutn\u00ed m\u00edsto z\u00e1\u0159ilo zlat\u00fdmi a st\u0159\u00edbrn\u00fdmi olt\u00e1\u0159i, abychom obdivovali um\u011bleckou kr\u00e1su soch a obraz\u016f, nebo naslouchali posv\u00e1tn\u011b zn\u011bj\u00edc\u00edm varhan\u00e1m. Takto kr\u00e1sn\u00fdch poutn\u00edch m\u00edst u n\u00e1s i v\u0161ude ve sv\u011bt\u011b je jist\u011b mnoho a maj\u00ed sv\u00e9 poutn\u00edky jak z\u00a0bl\u00edzk\u00e9ho okol\u00ed tak mnohdy i z\u00a0cel\u00e9ho sv\u011bta. Jsou poutn\u00edci, kte\u0159\u00ed nav\u0161t\u011bvuj\u00ed neust\u00e1le nov\u00e9 a nov\u00e9 poutn\u00ed svatyn\u011b. V\u0161e cht\u011bj\u00ed vid\u011bt, v\u0161ude cht\u011bj\u00ed pro\u017e\u00edt n\u011bco duchovn\u00edho, aby byli obohaceni o kr\u00e1su, se kterou se setkali, a aby o tom pak mohli sv\u00fdm p\u0159\u00e1tel\u016fm vypr\u00e1v\u011bt. Ale jsou taky poutn\u00ed m\u00edsta, kter\u00e1 jsou velmi jednoduch\u00e1, prost\u00e1, n\u011bkdy i zpustl\u00e1. Jsou poutn\u00ed m\u00edsta, kam se ji\u017e dlouho nikdo nep\u0159i\u0161el pomodlit. Ale i takov\u00e1 m\u00edsta \u010dasto pro\u017e\u00edvaj\u00ed sv\u00e1 znovuzrozen\u00ed.<\/p>\n<p>Kl\u00e1\u0161ter v\u00a0H\u00e1jku, se svoj\u00ed nejstar\u0161\u00ed mari\u00e1nskou Loretou v\u00a0\u010cech\u00e1ch a na Morav\u011b, pro\u017eil chv\u00edle slavn\u00e9, kdy byl c\u00edlem tis\u00edc\u016f poutn\u00edk\u016f ro\u010dn\u011b, ale pro\u0161el t\u00e9\u017e t\u011b\u017ek\u00fdm obdob\u00edm, kdy na m\u00edsto \u0159eholn\u00edk\u016f a poutn\u00edk\u016f se stal st\u0159e\u017een\u00fdm objektem s\u00a0tajnou vojenskou v\u00fdrobou. Kdysi slavn\u00e1 a kr\u00e1sn\u00e1 mari\u00e1nsk\u00e1 svaty\u0148ka se stala zazd\u011bn\u00fdm skladi\u0161t\u011bm. Dnes se i tomuto m\u00edstu pomalu za\u010d\u00edn\u00e1 vracet \u017eivot. A to jak postupn\u00fdmi opravami, tak i prost\u0159ednictv\u00edm t\u011bch kte\u0159\u00ed p\u0159ich\u00e1zej\u00ed, aby p\u0159i spole\u010dn\u00fdch pout\u00edch, \u010di v\u00a0soukrom\u00e9 modlitb\u011b sv\u011b\u0159ili sebe i cel\u00e9 sv\u00e9 rodiny do ochrany Panny Marie H\u00e1jeck\u00e9.<\/p>\n<p style=\"text-align: right;\"><em>P. Jan Maria Vianney Dohnal OFM<\/em><\/p>\n","protected":false},"excerpt":{"rendered":"<p>Nev\u00edm jestli ka\u017ed\u00fd, ale jist\u011b mnoz\u00ed z\u00a0n\u00e1s maj\u00ed sv\u00e9 obl\u00edben\u00e9 poutn\u00ed m\u00edsto. Velmi \u010dasto t\u00edmto m\u00edstem je to, kam n\u00e1s vodili rodi\u010de, kdy\u017e jsme byli je\u0161t\u011b mal\u00ed. Tehdy se n\u00e1m vryly do pam\u011bti v\u0161echny ty posv\u00e1tn\u00e9 prostory, sochy i obrazy, kter\u00fdmi poutn\u00ed m\u00edsto na\u0161ich rodi\u010d\u016f bylo vyzdobeno. Ale hlavn\u011b jsme na tomto m\u00edst\u011b vn\u00edmali v\u00edru [&hellip;]<\/p>\n","protected":false},"author":1,"featured_media":0,"parent":0,"menu_order":0,"comment_status":"closed","ping_status":"closed","template":"","meta":[],"_links":{"self":[{"href":"https:\/\/hajek.ofm.cz\/index.php?rest_route=\/wp\/v2\/pages\/33"}],"collection":[{"href":"https:\/\/hajek.ofm.cz\/index.php?rest_route=\/wp\/v2\/pages"}],"about":[{"href":"https:\/\/hajek.ofm.cz\/index.php?rest_route=\/wp\/v2\/types\/page"}],"author":[{"embeddable":true,"href":"https:\/\/hajek.ofm.cz\/index.php?rest_route=\/wp\/v2\/users\/1"}],"replies":[{"embeddable":true,"href":"https:\/\/hajek.ofm.cz\/index.php?rest_route=%2Fwp%2Fv2%2Fcomments&post=33"}],"version-history":[{"count":2,"href":"https:\/\/hajek.ofm.cz\/index.php?rest_route=\/wp\/v2\/pages\/33\/revisions"}],"predecessor-version":[{"id":36,"href":"https:\/\/hajek.ofm.cz\/index.php?rest_route=\/wp\/v2\/pages\/33\/revisions\/36"}],"wp:attachment":[{"href":"https:\/\/hajek.ofm.cz\/index.php?rest_route=%2Fwp%2Fv2%2Fmedia&parent=33"}],"curies":[{"name":"wp","href":"https:\/\/api.w.org\/{rel}","templated":true}]}}