{"id":58,"date":"2022-03-31T19:12:34","date_gmt":"2022-03-31T19:12:34","guid":{"rendered":"https:\/\/hajek.ofm.cz\/?page_id=58"},"modified":"2022-03-31T19:12:34","modified_gmt":"2022-03-31T19:12:34","slug":"nekrologium-hajeckych-frantiskanu","status":"publish","type":"page","link":"https:\/\/hajek.ofm.cz\/?page_id=58","title":{"rendered":"Nekrologium h\u00e1jeck\u00fdch franti\u0161k\u00e1n\u016f"},"content":{"rendered":"<p><a href=\"https:\/\/hajek.ofm.cz\/wp-content\/uploads\/2022\/03\/hist_nekro_01.jpg\"><img decoding=\"async\" loading=\"lazy\" class=\"wp-image-60 size-full aligncenter\" src=\"https:\/\/hajek.ofm.cz\/wp-content\/uploads\/2022\/03\/hist_nekro_01.jpg\" alt=\"\" width=\"550\" height=\"249\" srcset=\"https:\/\/hajek.ofm.cz\/wp-content\/uploads\/2022\/03\/hist_nekro_01.jpg 550w, https:\/\/hajek.ofm.cz\/wp-content\/uploads\/2022\/03\/hist_nekro_01-300x136.jpg 300w\" sizes=\"(max-width: 550px) 100vw, 550px\" \/><\/a><\/p>\n<p><strong>Leden<\/strong><\/p>\n<p>P. Hilarius Fegale, praed. mag. novitorum \u2020 1.\u00a01.\u00a01749; P. Severin T\u00fcrk, praed. quard. \u2020 6.\u00a01.\u00a01874; fr. Paschalis Zima \u2020 7.\u00a01.\u00a01822; Gulielmus Truhelka \u2020 9.\u00a01.\u00a01710; fr. Didacus Reichel \u2020 9.\u00a01.\u00a01766; P. Ludovicus Goldbach \u2020 11.\u00a01.\u00a01691; Leopoldus Pacovsk\u00fd \u2020 11.\u00a01.\u00a01772; P. Robertus Jahnik, quard. \u2020 13.\u00a01.\u00a01684 P. Raymundus Scheitz, praed. \u2020 13.\u00a01.\u00a01881; P. Cosmas Hofmann \u2020 13.\u00a01.\u00a01780; P. Joachimus Spannerberger \u2020 19.\u00a01.\u00a01685; P. Eusatchius Pawlic\u017eek, quard. \u2020 19.\u00a01.\u00a01764; fr. Jacobus Svoboda \u2020 22.\u00a01.\u00a01710 \u2013 laicus, exemplaris vitae \u2013 confessor cum nota Sanctitatis ; fr. Ladislaus Langer \u2020 22.\u00a01.\u00a01809; P. Eligius Vl\u010dek \u2020 24.\u00a01.\u00a01725; fr. Odoricus Hlubo\u010dek \u2020 25.\u00a01.\u00a01864; P. Hippolytus Langer \u2020 26.\u00a01.\u00a01735; P. Victor Tich\u00fd \u2020 26.\u00a01.\u00a01735; P. Tiburtius Brommberger \u2020 28.\u00a01.\u00a01714.<\/p>\n<p><strong>\u00danor<\/strong><\/p>\n<p>P. Eduardus Petera \u2020 1.\u00a02.\u00a01814; P. Joachim Hlu\u0161i\u010dka \u2020 9.\u00a02.\u00a01833; P. Damascenus Marek, praed. \u2020 12.\u00a02.\u00a01725; P. Basilius Scriba, quard. \u2020 15. (25.) 2.\u00a01688; P. Adalbertus Barffus, praed. \u2020 16.\u00a02.\u00a01713; P. Magnus Niederkorn \u2020 27.\u00a02.\u00a01759; P. Damasus Raus \u2020 28.\u00a02.\u00a01713.<\/p>\n<p><strong>B\u0159ezen<\/strong><\/p>\n<p>P. Antonius Sch\u00f6tz \u2020 2.\u00a03.\u00a01795; P. Hyppolitus Kherele \u2020 3.\u00a03.\u00a01748; P. Theodulus Machalin \u2020 8.\u00a03.\u00a01707; P. Barthomaeus C\u017eernosky \u2020 10 (18.) 3.\u00a01691; P. Ariston Krafka \u2020 12.\u00a03.\u00a01758; fr. Joachimus Roth \u2020 12.\u00a03.\u00a01775; fr. Petrus Pauli \u2020 14.\u00a03.\u00a01751; P. Venceslaus Kri\u017e \u2020 16.\u00a03.\u00a01681; fr. Venceslaus Trnka 20.\u00a03.\u00a01771; P. Jacobus Niedelka \u2020 21.\u00a03.\u00a01782; P. Ammandus Genner, praed. \u2020 22.\u00a03.\u00a01708; P. Benedictus Klatil \u2020 22.\u00a03.\u00a01844; fr. Christopher Wolff \u2020 22.\u00a03.\u00a01751; P. Stanislaus Clementis \u2020 24.\u00a03.\u00a01680; P. Maxmilian Thom, praed. \u2020 27.\u00a03.\u00a01755.\u00a0fr. Joachim Schneider \u2020 31.\u00a03.\u00a01695;<\/p>\n<p><strong>Duben<\/strong><\/p>\n<p>P. Franciscus Ser. R\u016f\u017ei\u010dka \u2020 1.\u00a04.\u00a01779; fr. Nicolaus Hubffer \u2020 4.\u00a04.\u00a01722; P. Gilbert Proch\u00e1zka, quard. \u2020 4.\u00a04.\u00a01910; P. Franciscus Svoboda \u2020 7.\u00a04.\u00a01787; fr. Callistus Kaliwasch \u2020 8.\u00a04.\u00a01825; P. Victor Fuhr, quard. \u2020 10.\u00a04.\u00a01739; P. Ernestus Tlust\u00fd \u2020 11.\u00a04.\u00a01793; P. Petronius Ruth \u2020 12.\u00a04.\u00a01772; P. Amnrosius Radliczky \u2020 13.\u00a04.\u00a01711; fr. Pacificus \u0160molc \u2020 14.\u00a04.\u00a01913; fr. Lukas Preschnitz \u2020 16.\u00a04.\u00a01695; fr. Paschalis Binner \u2020 19.\u00a04.\u00a01729; P. Marcellinus Lokaj\u00ed\u010dek \u2020 23.\u00a04.\u00a01762; P. Paulus Riebeneker \u2020 24.\u00a04.\u00a01678; P. Elezarius Tuc\u017eek \u2020 30.\u00a04.\u00a01740.<\/p>\n<p><strong>Kv\u011bten<\/strong><\/p>\n<p>P. Valerianus Hartz \u2020 4.\u00a05.\u00a01707; fr. Panteleon Rosin \u2020 4.\u00a05.\u00a01746; fr. Silvanus Fischer \u2020 18.\u00a05.\u00a01684; fr. Odoricus \u010c\u00ed\u017eek \u2020 19.\u00a05.\u00a01925; fr. Fabianus Br\u017eezowsky \u2020 22.\u00a05.\u00a01714; P. Sverinus Schgraffer \u2020 22.\u00a05.\u00a01768; Lucas Svoboda \u2020 22.\u00a05.\u00a01801; P. Adrianus Kavetz, praed. lect. \u2020 23.\u00a05.\u00a01676; fr. Martinus Matzak \u2020 28.\u00a05.\u00a01739; P. Caecilius \u0160kola \u2020 31.\u00a05.\u00a01851.<\/p>\n<p><strong>\u010cerven<\/strong><\/p>\n<p>fr. Maurus Weltzer \u2020 3.\u00a06.\u00a01737; P. Adamus Pilman \u2020 3.\u00a06.\u00a01743; fr. Claudius Proke\u0161 \u2020 3.\u00a06.\u00a01877; P. Victorianus Dassek, praed. \u2020 4.\u00a06.\u00a01778; fr. Maternus Heigensonn \u2020 13.\u00a06.\u00a01679; P. Theobaldus Wogtischek \u2020 13.\u00a06.\u00a01700; P. Matheus \u0158\u00edha \u2020 20.\u00a06.\u00a01798; fr. Venceslaus Baran, clericus (pestes) \u2020 24.\u00a06.\u00a01680; fr. Isidorus Pretsch \u2020 24.\u00a06.\u00a01720; P. Brictius Zelenka \u2020 26.\u00a06.\u00a01730; Praed. Bened. Rosi\u010dka \u2020 27.\u00a06.\u00a01886; P. Valerius Nigrin \u2020 30.6.\u00a01726.<\/p>\n<p><strong>\u010cervenec<\/strong><\/p>\n<p>fr. Adjutus Morsteler \u2020 1.\u00a07.\u00a01682; P. Valerius Nigrin \u2020 1.\u00a07.\u00a01726; P. Maxentius B\u00fctner \u2020 3.\u00a07.\u00a01673; fr. Accursius Berthold \u2020 6.\u00a07.\u00a01680 (pestes); fr. Julianus Steiger \u2020 6.\u00a07.\u00a01806 (pestes); P. Joanes Vurinus, praed. clarissimus \u2020 9.\u00a07.\u00a01680 (pestes); fr. Consalvus Schuster \u2020 9.\u00a07.\u00a01680 (pestes); P. Juvenalis Praetorius \u2020 9.\u00a07.\u00a01680; P. Tobias Keller \u2020 13.\u00a07.\u00a01684; P. Isidorus Kubi\u010dek \u2020 15.\u00a07.\u00a01717; P. Epiphanius \u0160tiepan \u2020 17.\u00a07.\u00a01763; P. Titus Sch\u00fctz \u2020 17.\u00a07.\u00a01773; P. Seraphinus Lehner, praed. \u2020 17.\u00a07.\u00a01789; fr. Salvator Scholz \u2020 18.\u00a07.\u00a01793; P. Liberatus Zub \u2020 19.\u00a07.\u00a01723; P. Longinus Wrabetz, praed. \u2020 21.\u00a07.\u00a01716; P. Venustus Kopsch \u2020 24.\u00a07.\u00a01785;<\/p>\n<p><strong>Srpen<\/strong><\/p>\n<p>P. Carolus Bruner \u2020 6.\u00a08.\u00a01680 (pestes); P. Cajetanus Kindler, quard \u2020 6.\u00a08.\u00a01773; Fr. Gerardus Svoboda \u2020 29.\u00a08.\u00a01690; Fr. Benedictus Schlechta \u2020 29.\u00a08.\u00a01789.<\/p>\n<p><strong>Z\u00e1\u0159\u00ed<\/strong><\/p>\n<p>P. Wulframus Wobratanskij, praed. \u2020 1.\u00a09.\u00a01799; P. Berard Va\u0159e\u010dka, quard. \u2020 13.\u00a09.\u00a01900; fr. Vitus Kreutz \u2020 16.\u00a09.\u00a01704; fr. Benignus Holeczek \u2020 17.\u00a09.\u00a01762; Ivo Nev\u0159ela \u2020 17.\u00a09.\u00a01664; fr. Alexander Sv\u00edtil, hort. coq. \u2020 17.\u00a09.\u00a01888; P. Volusianus Stransky \u2020 18.\u00a09.\u00a01786; fr. Adjuctor Kaufamnn \u2020 20.\u00a09.\u00a01817; P. Panteleon Henika, praed. \u2020 22.\u00a09.\u00a01807; fr. Raymundus Wilde \u2020 26.\u00a09.\u00a01713; P. Franciscus de Paula Bruncke, praed. \u2020 26.\u00a09.\u00a01778; P. Ampliatus Duffek \u2020 28.\u00a09.\u00a01765.<\/p>\n<p><strong>\u0158\u00edjen<\/strong><\/p>\n<p>P. Paulillus Pawlic\u017eek \u2020 7.\u00a010.\u00a01758; fr. Clemens Cisinger \u2020 16.\u00a010.\u00a01698; P. Christian Mykura, praed. quard. \u2020 18.\u00a010.\u00a01884; fr. Elias Rieppl \u2020 21.\u00a010.\u00a01709; fr. Jonas Scmidt \u2020 28.\u00a010.\u00a01678; fr. Aedigius Stieber \u2020 28.\u00a010.\u00a01909; P. Nazarinus C\u017eerny, praed. \u2020 31.\u00a010.\u00a01759.<\/p>\n<p><strong><a href=\"https:\/\/hajek.ofm.cz\/wp-content\/uploads\/2022\/03\/hist_nekro_02.jpg\"><img decoding=\"async\" loading=\"lazy\" class=\"size-full wp-image-61 alignleft\" src=\"https:\/\/hajek.ofm.cz\/wp-content\/uploads\/2022\/03\/hist_nekro_02.jpg\" alt=\"\" width=\"174\" height=\"242\" \/><\/a>Listopad<\/strong><\/p>\n<p>P. Massaeus Zeplichal, lector \u2020 4.\u00a011.\u00a01802; P. Alphonsus Barry \u2020 16.\u00a011.\u00a01699; P. V\u00e1clav Kosteleck\u00fd \u2020 19.\u00a011.\u00a01768; P. Mauritius Giskra, quard. \u2020 25.\u00a011.\u00a01740; P. Ludovicus Gentschik \u2020 25.\u00a011.\u00a01755.<\/p>\n<p><strong>Prosinec<\/strong><\/p>\n<p>P. Bertrandus Gerstner \u2020 1.\u00a012.\u00a01720; P. Ferdinandus Stein \u2020 7.\u00a012.\u00a01875; P. Michael Rohn \u2020 20.\u00a012.\u00a01751; P. Thomaides Pokorny \u2020 20.\u00a012.\u00a01756; P. Urbanus Hrabowsky \u2020 21.\u00a012.\u00a01744; P. Loradus Hess \u2020 26. (22.) 12.\u00a01688; P. Philemon Sowadina \u2020 26.\u00a012.\u00a01808; P. Monaldus Thon, praed., mag. nov. \u2020 31.\u00a012.\u00a01858.<\/p>\n<p style=\"text-align: right;\"><em>P\u0159evzato z\u00a0knihy Vladim\u00edra P\u0159ibyla \u201eJako jablo\u0148 mezi lesn\u00edmi stromy\u201c<\/em><\/p>\n<p>&nbsp;<\/p>\n","protected":false},"excerpt":{"rendered":"<p>Leden P. Hilarius Fegale, praed. mag. novitorum \u2020 1.\u00a01.\u00a01749; P. Severin T\u00fcrk, praed. quard. \u2020 6.\u00a01.\u00a01874; fr. Paschalis Zima \u2020 7.\u00a01.\u00a01822; Gulielmus Truhelka \u2020 9.\u00a01.\u00a01710; fr. Didacus Reichel \u2020 9.\u00a01.\u00a01766; P. Ludovicus Goldbach \u2020 11.\u00a01.\u00a01691; Leopoldus Pacovsk\u00fd \u2020 11.\u00a01.\u00a01772; P. Robertus Jahnik, quard. \u2020 13.\u00a01.\u00a01684 P. Raymundus Scheitz, praed. \u2020 13.\u00a01.\u00a01881; P. Cosmas Hofmann \u2020 [&hellip;]<\/p>\n","protected":false},"author":1,"featured_media":0,"parent":0,"menu_order":0,"comment_status":"closed","ping_status":"closed","template":"","meta":[],"_links":{"self":[{"href":"https:\/\/hajek.ofm.cz\/index.php?rest_route=\/wp\/v2\/pages\/58"}],"collection":[{"href":"https:\/\/hajek.ofm.cz\/index.php?rest_route=\/wp\/v2\/pages"}],"about":[{"href":"https:\/\/hajek.ofm.cz\/index.php?rest_route=\/wp\/v2\/types\/page"}],"author":[{"embeddable":true,"href":"https:\/\/hajek.ofm.cz\/index.php?rest_route=\/wp\/v2\/users\/1"}],"replies":[{"embeddable":true,"href":"https:\/\/hajek.ofm.cz\/index.php?rest_route=%2Fwp%2Fv2%2Fcomments&post=58"}],"version-history":[{"count":2,"href":"https:\/\/hajek.ofm.cz\/index.php?rest_route=\/wp\/v2\/pages\/58\/revisions"}],"predecessor-version":[{"id":62,"href":"https:\/\/hajek.ofm.cz\/index.php?rest_route=\/wp\/v2\/pages\/58\/revisions\/62"}],"wp:attachment":[{"href":"https:\/\/hajek.ofm.cz\/index.php?rest_route=%2Fwp%2Fv2%2Fmedia&parent=58"}],"curies":[{"name":"wp","href":"https:\/\/api.w.org\/{rel}","templated":true}]}}